
{"id":23388,"date":"2026-02-10T11:29:11","date_gmt":"2026-02-10T10:29:11","guid":{"rendered":"https:\/\/ryfylkemuseet.no\/hending\/bunadsglede-varen-2026-2\/"},"modified":"2026-05-01T10:44:07","modified_gmt":"2026-05-01T08:44:07","slug":"bunadsglede-varen-2026","status":"publish","type":"event","link":"https:\/\/ryfylkemuseet.no\/en\/hending\/bunadsglede-varen-2026\/","title":{"rendered":"Bunadsglede &#8211; v\u00e5ren 2026"},"content":{"rendered":"\n\n\n\n\n<p>Suldal Husflidslag og Ryfylkemuseet er klare for ein ny sesong med bunadsglede. Kveldane blir p\u00e5 same m\u00e5ten som me hadde i haust, med nye og spennande tema. Fram til konfirmasjonstider og 17. mai, f\u00e5r me l\u00e6ra meir om stell og vedlikehald av bunadsskjorter og bunadss\u00f8lv. Bunadskafeen etter fagdelen, er ein uformell m\u00f8testad for folk flest, som har lyst til \u00e5 dela bunadsgleden sin med andre. Alle har me ulike kunnskaper og erfaringar, og saman f\u00e5r me ein triveleg og l\u00e6rerik kveld.<\/p>\n\n\n\n<figure class=\"wp-block-image size-full is-resized\"><img decoding=\"async\"  class=\"wp-image-23380\"  src=\"https:\/\/ryfylkemuseet.imgix.net\/2026\/02\/Logo-Suldal-PNG.png?auto=format%2Ccompress&#038;crop=faces&#038;fit=crop&#038;h=auto&#038;ixlib=php-2.1.1&#038;w=109px\"  alt=\"Logo Suldal PNG\" width=\"109px\" height=\"auto\" style=\"aspect-ratio:2.5235213741948077;width:109px;height:auto\"><figcaption class=\"wp-element-caption\">Bunadsglede &#8211; eit samarbeid med Suldal Husflidslag<\/figcaption><\/figure>\n\n\n\n<p>Prosjektet Bunadsglede fr\u00e5 Norges Husflidslag, skal auka kunnskapen om bunad og spreia entusiasme for tradisjonshandverk. Alle som \u00f8nskjer skal kunna ta del i sine lokale, ofte heilt s\u00e6reigne, tradisjonar. Ein \u00f8nskjer s\u00e6rleg \u00e5 f\u00e5 med ungdom og unge vaksne.<\/p>\n\n\n\n<p>M\u00e5let er at fleire skal bli kjent med eigen kulturarv, og f\u00e5 pr\u00f8va seg p\u00e5 ulike teknikkar brukt i bunadene, for \u00e5 senke terskelen for \u00e5 brodera, sy og reparera bunaden sj\u00f8lv.<\/p>\n\n\n\n<p><strong>DATOAR FOR for v\u00e5ren 2026:<\/strong><\/p>\n\n\n\n<p class=\"has-darkgrey-color has-text-color has-link-color wp-elements-e6f529886def82a1cd93227fe074be57\"><strong>Torsdag 19. feb. kl. 18<\/strong><br><strong><em>Ryfylkedrakten<\/em><\/strong> v\/Grete Holmboe<br>F\u00f8rste kvelden f\u00e5r me ein presentasjon av Ryfylkedrakten ved Grete Holmboe.<br>Det er Bunadsnemnda i Rogaland Ungdomslag som har arbeidd fram Ryfylkedrakten. Dei starta med \u00e5 samla kjeldemateriale og rekonstruera kvinnebunaden fr\u00e5 Ryfylke med stripestakken i 1980. Bunaden blei f\u00f8rste gong presentert i 2007, og bunadnemnda har sidan halde kurs kvart \u00e5r.<br>Grete Holmboe har deltatt p\u00e5 fleire av desse kursa og har sydd Ryfylkedrakt b\u00e5de til seg sj\u00f8lv og til barnebarna.<\/p>\n\n\n\n<p class=\"has-darkgrey-color has-text-color has-link-color wp-elements-47325113c9ba7a97d3f68227553af02e\"><strong>Torsdag 19. mars kl. 18<\/strong><br><strong><em>Stell og vedlikehald av bunadss\u00f8lvet<\/em><\/strong> v\/Arne Magnus Johnsr\u00f8d<br>Den store bunadsesongen n\u00e6rmar seg, med konfirmasjonar og 17. mai. Det er lurt \u00e5 sj\u00e5 over bunaden i god tid f\u00f8r den skal brukast, s\u00e5 har du tid til \u00e5 setja inn tiltak der det m\u00e5tte trengast.&nbsp;<\/p>\n\n\n\n<p class=\"has-darkgrey-color has-text-color has-link-color wp-elements-dffa78f8705dfc4e20b297b72facad78\">Bunadsglede i mars har invitert gullsmed Arne Magnus Johnsr\u00f8d til \u00e5 snakka om stell og vedlikehald av bunadss\u00f8lvet. Han driv Gullsmia i gata p\u00e5 Sand, og utf\u00f8rer det meste av reperasjonar&nbsp;og bestillingar i b\u00e5de s\u00f8lv og gull. Denne kvelden vil han fortelja oss korleis bunads\u00f8lvet kan takast vare p\u00e5, og best kan haldast vedlike. Han viser oss ogs\u00e5 kva me kan gjera sj\u00f8lv ved hjelp av hjelpemidler&nbsp;og verkt\u00f8y den enkelte kan ha for hand heime.&nbsp;<\/p>\n\n\n\n<p class=\"has-darkgrey-color has-text-color has-link-color wp-elements-f58c6e14f65496f1e46b58a4fac5770c\">Etter Johnsr\u00f8d sin presentasjon, blir det, som vanleg,&nbsp;Bunadskaf\u00e9 som er ein uformell m\u00f8testad for folk flest, som har lyst til \u00e5 dela bunadsgleden sin med andre. Alle har me ulike kunnskaper og erfaringar, og saman f\u00e5r me ein triveleg og l\u00e6rerik kveld. Alle interesserte er hjarteleg velkomne!<\/p>\n\n\n\n<p><strong>Torsdag 23. april kl. 18<\/strong><br><em><strong>Stell av bunadsskjorte og litt om kniplingar<\/strong> v\/ M\u00e5lfrid Huseb\u00f8<\/em><\/p>\n\n\n\n<p>Siste innspurt for stell og vedlikehald av bunaden f\u00f8r konfirmasjonar og 17. mai.&nbsp;<\/p>\n\n\n\n<p>Denne gongen f\u00e5r me bes\u00f8k av M\u00e5lfrid Huseb\u00f8 fr\u00e5 Sola som vil visa oss korleis me best kan ta vare p\u00e5 bunadsskjorta v\u00e5r. Det treng b\u00e5de vask og omsorg for \u00e5 halda seg fin og kvit, og \u00e5 vare lenge. M\u00e5lfrid er medlem av Norsk Linforening og har mykje kunnskap om lin og lint\u00f8y. I tillegg til bunadsskjorta, vil ho ha med seg knipleputa si, som er hennar gode venn. Der tryllar ho fram b\u00e5de pynteband og mykje anna fint.<\/p>\n\n\n\n<p>Etter temadelen blir det <strong>Bunadskaf\u00e9<\/strong> der ein meir uformelt kan arbeida med sine ting, utveksla kunnskap og erfaringar.<br>Bunadskafeen er ein uformell m\u00f8testad for folk flest, som har lyst til \u00e5 dela bunadsgleden sin med andre. Alle har me ulike kunnskaper og erfaringar, og saman f\u00e5r me ein triveleg og l\u00e6rerik kveld. F\u00f8r me slepper oss heilt laust med kaffi og kaker, vil me som vanleg ha ei \u00f8kt med bunadsfagleg p\u00e5fyll.\u00a0<\/p>\n\n\n\n<p>Alle interesserte er hjarteleg velkommen!<\/p>\n\n\n\n<p>Bunadsglede&nbsp;er eit samarbeid mellom Suldal Husflidslag og Ryfylkemuseet.&nbsp;<\/p>\n\n\n\n<p><strong>Torsdag 21. mai kl. 18<\/strong><br>Tema ikkje fastsett enn\u00e5<\/p>\n\n\n\n<p>Tid: 18.00<\/p>\n\n\n\n<p>Stad: Nesasj\u00f8huset p\u00e5 Sand<\/p>\n\n\n\n<p>Pris: 100 kr.<\/p>\n\n\n\n<p><\/p>\n","protected":false},"excerpt":{"rendered":"<p>Suldal Husflidslag og Ryfylkemuseet er klare for ein ny sesong med bunadsglede.<\/p>\n","protected":false},"featured_media":0,"parent":0,"template":"","class_list":["post-23388","event","type-event","status-publish","hentry"],"acf":[],"yoast_head":"<!-- This site is optimized with the Yoast SEO plugin v27.4 - https:\/\/yoast.com\/product\/yoast-seo-wordpress\/ -->\n<title>Bunadsglede - v\u00e5ren 2026 - Ryfylkemuseet<\/title>\n<meta name=\"robots\" content=\"index, follow, max-snippet:-1, max-image-preview:large, max-video-preview:-1\" \/>\n<link rel=\"canonical\" href=\"https:\/\/ryfylkemuseet.no\/hending\/bunadsglede-varen-2026\/\" \/>\n<meta property=\"og:locale\" content=\"en_US\" \/>\n<meta property=\"og:type\" content=\"article\" \/>\n<meta property=\"og:title\" content=\"Bunadsglede - v\u00e5ren 2026 - Ryfylkemuseet\" \/>\n<meta property=\"og:description\" content=\"Suldal Husflidslag og Ryfylkemuseet er klare for ein ny sesong med bunadsglede.\" \/>\n<meta property=\"og:url\" content=\"https:\/\/ryfylkemuseet.no\/hending\/bunadsglede-varen-2026\/\" \/>\n<meta property=\"og:site_name\" content=\"Ryfylkemuseet\" \/>\n<meta property=\"article:modified_time\" content=\"2026-05-01T08:44:07+00:00\" \/>\n<meta property=\"og:image\" content=\"https:\/\/ryfylkemuseet.imgix.net\/2026\/02\/Logo-Suldal-PNG.png?auto=format%2Ccompress&amp;crop=faces&amp;h=300&amp;ixlib=php-2.1.1&amp;w=757\" \/>\n<meta name=\"twitter:card\" content=\"summary_large_image\" \/>\n<meta name=\"twitter:label1\" content=\"Est. reading time\" \/>\n\t<meta name=\"twitter:data1\" content=\"3 minutes\" \/>\n<script type=\"application\/ld+json\" class=\"yoast-schema-graph\">{\"@context\":\"https:\\\/\\\/schema.org\",\"@graph\":[{\"@type\":\"WebPage\",\"@id\":\"https:\\\/\\\/ryfylkemuseet.no\\\/hending\\\/bunadsglede-varen-2026\\\/\",\"url\":\"https:\\\/\\\/ryfylkemuseet.no\\\/hending\\\/bunadsglede-varen-2026\\\/\",\"name\":\"Bunadsglede - v\u00e5ren 2026 - Ryfylkemuseet\",\"isPartOf\":{\"@id\":\"https:\\\/\\\/ryfylkemuseet.no\\\/#website\"},\"primaryImageOfPage\":{\"@id\":\"https:\\\/\\\/ryfylkemuseet.no\\\/hending\\\/bunadsglede-varen-2026\\\/#primaryimage\"},\"image\":{\"@id\":\"https:\\\/\\\/ryfylkemuseet.no\\\/hending\\\/bunadsglede-varen-2026\\\/#primaryimage\"},\"thumbnailUrl\":\"https:\\\/\\\/ryfylkemuseet.imgix.net\\\/2026\\\/02\\\/Logo-Suldal-PNG.png?auto=format%2Ccompress&amp;crop=faces&amp;h=300&amp;ixlib=php-2.1.1&amp;w=757\",\"datePublished\":\"2026-02-10T10:29:11+00:00\",\"dateModified\":\"2026-05-01T08:44:07+00:00\",\"breadcrumb\":{\"@id\":\"https:\\\/\\\/ryfylkemuseet.no\\\/hending\\\/bunadsglede-varen-2026\\\/#breadcrumb\"},\"inLanguage\":\"en-US\",\"potentialAction\":[{\"@type\":\"ReadAction\",\"target\":[\"https:\\\/\\\/ryfylkemuseet.no\\\/hending\\\/bunadsglede-varen-2026\\\/\"]}]},{\"@type\":\"ImageObject\",\"inLanguage\":\"en-US\",\"@id\":\"https:\\\/\\\/ryfylkemuseet.no\\\/hending\\\/bunadsglede-varen-2026\\\/#primaryimage\",\"url\":\"https:\\\/\\\/ryfylkemuseet.imgix.net\\\/2026\\\/02\\\/Logo-Suldal-PNG.png?auto=format%2Ccompress&amp;crop=faces&amp;h=300&amp;ixlib=php-2.1.1&amp;w=757\",\"contentUrl\":\"https:\\\/\\\/ryfylkemuseet.imgix.net\\\/2026\\\/02\\\/Logo-Suldal-PNG.png?auto=format%2Ccompress&amp;crop=faces&amp;h=300&amp;ixlib=php-2.1.1&amp;w=757\"},{\"@type\":\"BreadcrumbList\",\"@id\":\"https:\\\/\\\/ryfylkemuseet.no\\\/hending\\\/bunadsglede-varen-2026\\\/#breadcrumb\",\"itemListElement\":[{\"@type\":\"ListItem\",\"position\":1,\"name\":\"Home\",\"item\":\"https:\\\/\\\/ryfylkemuseet.no\\\/en\\\/\"},{\"@type\":\"ListItem\",\"position\":2,\"name\":\"Bunadsglede &#8211; v\u00e5ren 2026\"}]},{\"@type\":\"WebSite\",\"@id\":\"https:\\\/\\\/ryfylkemuseet.no\\\/#website\",\"url\":\"https:\\\/\\\/ryfylkemuseet.no\\\/\",\"name\":\"Ryfylkemuseet\",\"description\":\"\",\"publisher\":{\"@id\":\"https:\\\/\\\/ryfylkemuseet.no\\\/#organization\"},\"potentialAction\":[{\"@type\":\"SearchAction\",\"target\":{\"@type\":\"EntryPoint\",\"urlTemplate\":\"https:\\\/\\\/ryfylkemuseet.no\\\/?s={search_term_string}\"},\"query-input\":{\"@type\":\"PropertyValueSpecification\",\"valueRequired\":true,\"valueName\":\"search_term_string\"}}],\"inLanguage\":\"en-US\"},{\"@type\":\"Organization\",\"@id\":\"https:\\\/\\\/ryfylkemuseet.no\\\/#organization\",\"name\":\"Ryfylkemuseet\",\"url\":\"https:\\\/\\\/ryfylkemuseet.no\\\/\",\"logo\":{\"@type\":\"ImageObject\",\"inLanguage\":\"en-US\",\"@id\":\"https:\\\/\\\/ryfylkemuseet.no\\\/#\\\/schema\\\/logo\\\/image\\\/\",\"url\":\"https:\\\/\\\/ryfylkemuseet.no\\\/wp-content\\\/uploads\\\/2024\\\/05\\\/cropped-cropped-ryfylke-300x300-1.png\",\"contentUrl\":\"https:\\\/\\\/ryfylkemuseet.no\\\/wp-content\\\/uploads\\\/2024\\\/05\\\/cropped-cropped-ryfylke-300x300-1.png\",\"width\":512,\"height\":512,\"caption\":\"Ryfylkemuseet\"},\"image\":{\"@id\":\"https:\\\/\\\/ryfylkemuseet.no\\\/#\\\/schema\\\/logo\\\/image\\\/\"}}]}<\/script>\n<!-- \/ Yoast SEO plugin. -->","yoast_head_json":{"title":"Bunadsglede - v\u00e5ren 2026 - Ryfylkemuseet","robots":{"index":"index","follow":"follow","max-snippet":"max-snippet:-1","max-image-preview":"max-image-preview:large","max-video-preview":"max-video-preview:-1"},"canonical":"https:\/\/ryfylkemuseet.no\/hending\/bunadsglede-varen-2026\/","og_locale":"en_US","og_type":"article","og_title":"Bunadsglede - v\u00e5ren 2026 - Ryfylkemuseet","og_description":"Suldal Husflidslag og Ryfylkemuseet er klare for ein ny sesong med bunadsglede.","og_url":"https:\/\/ryfylkemuseet.no\/hending\/bunadsglede-varen-2026\/","og_site_name":"Ryfylkemuseet","article_modified_time":"2026-05-01T08:44:07+00:00","og_image":[{"url":"https:\/\/ryfylkemuseet.imgix.net\/2026\/02\/Logo-Suldal-PNG.png?auto=format%2Ccompress&amp;crop=faces&amp;h=300&amp;ixlib=php-2.1.1&amp;w=757","type":"","width":"","height":""}],"twitter_card":"summary_large_image","twitter_misc":{"Est. reading time":"3 minutes"},"schema":{"@context":"https:\/\/schema.org","@graph":[{"@type":"WebPage","@id":"https:\/\/ryfylkemuseet.no\/hending\/bunadsglede-varen-2026\/","url":"https:\/\/ryfylkemuseet.no\/hending\/bunadsglede-varen-2026\/","name":"Bunadsglede - v\u00e5ren 2026 - Ryfylkemuseet","isPartOf":{"@id":"https:\/\/ryfylkemuseet.no\/#website"},"primaryImageOfPage":{"@id":"https:\/\/ryfylkemuseet.no\/hending\/bunadsglede-varen-2026\/#primaryimage"},"image":{"@id":"https:\/\/ryfylkemuseet.no\/hending\/bunadsglede-varen-2026\/#primaryimage"},"thumbnailUrl":"https:\/\/ryfylkemuseet.imgix.net\/2026\/02\/Logo-Suldal-PNG.png?auto=format%2Ccompress&amp;crop=faces&amp;h=300&amp;ixlib=php-2.1.1&amp;w=757","datePublished":"2026-02-10T10:29:11+00:00","dateModified":"2026-05-01T08:44:07+00:00","breadcrumb":{"@id":"https:\/\/ryfylkemuseet.no\/hending\/bunadsglede-varen-2026\/#breadcrumb"},"inLanguage":"en-US","potentialAction":[{"@type":"ReadAction","target":["https:\/\/ryfylkemuseet.no\/hending\/bunadsglede-varen-2026\/"]}]},{"@type":"ImageObject","inLanguage":"en-US","@id":"https:\/\/ryfylkemuseet.no\/hending\/bunadsglede-varen-2026\/#primaryimage","url":"https:\/\/ryfylkemuseet.imgix.net\/2026\/02\/Logo-Suldal-PNG.png?auto=format%2Ccompress&amp;crop=faces&amp;h=300&amp;ixlib=php-2.1.1&amp;w=757","contentUrl":"https:\/\/ryfylkemuseet.imgix.net\/2026\/02\/Logo-Suldal-PNG.png?auto=format%2Ccompress&amp;crop=faces&amp;h=300&amp;ixlib=php-2.1.1&amp;w=757"},{"@type":"BreadcrumbList","@id":"https:\/\/ryfylkemuseet.no\/hending\/bunadsglede-varen-2026\/#breadcrumb","itemListElement":[{"@type":"ListItem","position":1,"name":"Home","item":"https:\/\/ryfylkemuseet.no\/en\/"},{"@type":"ListItem","position":2,"name":"Bunadsglede &#8211; v\u00e5ren 2026"}]},{"@type":"WebSite","@id":"https:\/\/ryfylkemuseet.no\/#website","url":"https:\/\/ryfylkemuseet.no\/","name":"Ryfylkemuseet","description":"","publisher":{"@id":"https:\/\/ryfylkemuseet.no\/#organization"},"potentialAction":[{"@type":"SearchAction","target":{"@type":"EntryPoint","urlTemplate":"https:\/\/ryfylkemuseet.no\/?s={search_term_string}"},"query-input":{"@type":"PropertyValueSpecification","valueRequired":true,"valueName":"search_term_string"}}],"inLanguage":"en-US"},{"@type":"Organization","@id":"https:\/\/ryfylkemuseet.no\/#organization","name":"Ryfylkemuseet","url":"https:\/\/ryfylkemuseet.no\/","logo":{"@type":"ImageObject","inLanguage":"en-US","@id":"https:\/\/ryfylkemuseet.no\/#\/schema\/logo\/image\/","url":"https:\/\/ryfylkemuseet.no\/wp-content\/uploads\/2024\/05\/cropped-cropped-ryfylke-300x300-1.png","contentUrl":"https:\/\/ryfylkemuseet.no\/wp-content\/uploads\/2024\/05\/cropped-cropped-ryfylke-300x300-1.png","width":512,"height":512,"caption":"Ryfylkemuseet"},"image":{"@id":"https:\/\/ryfylkemuseet.no\/#\/schema\/logo\/image\/"}}]}},"_links":{"self":[{"href":"https:\/\/ryfylkemuseet.no\/en\/wp-json\/wp\/v2\/event\/23388","targetHints":{"allow":["GET"]}}],"collection":[{"href":"https:\/\/ryfylkemuseet.no\/en\/wp-json\/wp\/v2\/event"}],"about":[{"href":"https:\/\/ryfylkemuseet.no\/en\/wp-json\/wp\/v2\/types\/event"}],"wp:attachment":[{"href":"https:\/\/ryfylkemuseet.no\/en\/wp-json\/wp\/v2\/media?parent=23388"}],"curies":[{"name":"wp","href":"https:\/\/api.w.org\/{rel}","templated":true}]}}